{"id":10542,"date":"2023-10-13T21:13:23","date_gmt":"2023-10-13T21:13:23","guid":{"rendered":"https:\/\/terramarecielo.it\/associazione\/?page_id=10542"},"modified":"2023-10-13T21:13:29","modified_gmt":"2023-10-13T21:13:29","slug":"associazioni-amiche","status":"publish","type":"page","link":"https:\/\/terramarecielo.it\/associazione\/associazioni-amiche\/","title":{"rendered":"Associazioni Amiche"},"content":{"rendered":"\t\t<div data-elementor-type=\"wp-page\" data-elementor-id=\"10542\" class=\"elementor elementor-10542\" data-elementor-post-type=\"page\">\n\t\t\t\t\t\t<section class=\"elementor-section elementor-top-section elementor-element elementor-element-2b37efa1 elementor-section-full_width elementor-section-height-default elementor-section-height-default\" data-id=\"2b37efa1\" data-element_type=\"section\" data-e-type=\"section\">\n\t\t\t\t\t\t<div class=\"elementor-container elementor-column-gap-no\">\n\t\t\t\t\t<div class=\"elementor-column elementor-col-100 elementor-top-column elementor-element elementor-element-25f13fd5\" data-id=\"25f13fd5\" data-element_type=\"column\" data-e-type=\"column\">\n\t\t\t<div class=\"elementor-widget-wrap elementor-element-populated\">\n\t\t\t\t\t\t<div class=\"elementor-element elementor-element-3f18c06a elementor-widget elementor-widget-shock-slider\" data-id=\"3f18c06a\" data-element_type=\"widget\" data-e-type=\"widget\" data-widget_type=\"shock-slider.default\">\n\t\t\t\t<div class=\"elementor-widget-container\">\n\t\t\t\t\t    <!-- Slider -->\r\n    <div class=\"shock-section has-overlay\">\r\n      <div class=\"swiper slider has-scrollbar\" \r\n        data-autoplay=\"10000\" \r\n        data-loop=\"\">\r\n        <div class=\"swiper-wrapper\">\r\n                      <div class=\"swiper-slide\">\r\n              <div class=\"banner\">              <!-- Content -->\r\n              <div class=\"content-wrapper\">\r\n                                <!-- Intro Text -->\r\n                <div class=\"intro-text extended-intro me-auto \">\r\n                  <div class=\"wrapper\"><div class=\"left-column\"><h1 class=\"title\"><span class=\"text-1 text-style-1 normal\">Associazioni Amiche<\/span><span class=\"text-2 text-style-3 text-italic normal\"><mark>...insieme per un futuro migliore<\/mark> <\/span><\/h1><\/div><\/div>                <\/div>\r\n              <\/div>\r\n                            \r\n              <!-- Image -->\r\n              <div class=\"image-wrapper\">\r\n                <img decoding=\"async\" src=\"https:\/\/terramarecielo.it\/associazione\/wp-content\/uploads\/2023\/10\/associazioni_amiche_top.jpg\" alt=\"Terra Mare Cielo - Associazioni Amiche\" class=\"image fit-cover\" \/>              <\/div>\r\n              <div class=\"overlay\"><\/div><\/div>            <\/div> <!-- slide -->\r\n                  <\/div>\r\n        <div class=\"swiper-scrollbar\"><\/div>      <\/div>\r\n    <\/div>\r\n\r\n    \t\t\t\t<\/div>\n\t\t\t\t<\/div>\n\t\t\t\t\t<\/div>\n\t\t<\/div>\n\t\t\t\t\t<\/div>\n\t\t<\/section>\n\t\t\t\t<section class=\"elementor-section elementor-top-section elementor-element elementor-element-61e814b1 elementor-section-full_width elementor-section-height-default elementor-section-height-default\" data-id=\"61e814b1\" data-element_type=\"section\" data-e-type=\"section\" data-settings=\"{&quot;background_background&quot;:&quot;classic&quot;}\">\n\t\t\t\t\t\t<div class=\"elementor-container elementor-column-gap-no\">\n\t\t\t\t\t<div class=\"elementor-column elementor-col-100 elementor-top-column elementor-element elementor-element-7b29c109\" data-id=\"7b29c109\" data-element_type=\"column\" data-e-type=\"column\">\n\t\t\t<div class=\"elementor-widget-wrap elementor-element-populated\">\n\t\t\t\t\t\t<section class=\"elementor-section elementor-inner-section elementor-element elementor-element-62cd9697 container elementor-section-full_width elementor-section-height-default elementor-section-height-default\" data-id=\"62cd9697\" data-element_type=\"section\" data-e-type=\"section\">\n\t\t\t\t\t\t<div class=\"elementor-container elementor-column-gap-no\">\n\t\t\t\t\t<div class=\"elementor-column elementor-col-100 elementor-inner-column elementor-element elementor-element-3e496016\" data-id=\"3e496016\" data-element_type=\"column\" data-e-type=\"column\">\n\t\t\t<div class=\"elementor-widget-wrap elementor-element-populated\">\n\t\t\t\t\t\t<div class=\"elementor-element elementor-element-15142461 elementor-widget elementor-widget-shock-intro-text\" data-id=\"15142461\" data-element_type=\"widget\" data-e-type=\"widget\" data-widget_type=\"shock-intro-text.default\">\n\t\t\t\t<div class=\"elementor-widget-container\">\n\t\t\t\t\t    <!-- Intro Text -->\r\n    <div class=\"intro-text basic-intro mx-auto text-center\">\r\n      <h2 class=\"title\"><span class=\"text-1 text-style-5 normal\">Un cammino <\/span><span class=\"text-2 text-style-6 text-italic normal\"><mark>da condividere<\/mark><\/span><\/h2><div class=\"description text-style-12\"><p>Per quanto il nostro impegno sia forte e costante \u00e8 irrealistico pensare di poter soddisfare ogni necessit\u00e0 esistente non solo negli ambiti in cui l'Associazione \u00e8 impegnata (<em>la valorizzazione e la tutela del \u201cnostro\u201d patrimonio storico, artistico e culturale e la promozione dell\u2019integrazione e dello sviluppo sociale, n.d.r.<\/em>) ma anche in ciascuno che possa risultare meritevole di supporto o attenzione da parte nostra.<\/p><p>Ecco perch\u00e8, <strong>in un'ottica di sviluppo e coesione, abbiamo deciso di collaborare attivamente con altre realt\u00e0 mosse dai nostri stessi valori<\/strong>, siano esse Associazioni di Promozione Sociale, Organizzazioni di Volontariato, Associazioni Sportive o altri enti del territorio.<\/p><p>In questa pagina ve le vogliamo far conoscere...<\/p><\/div>    <\/div>\r\n\r\n    <!-- Script needs -->\r\n    <script>\r\n      \/*----------------------------------------------\r\n      Typed Text Settings\r\n      ----------------------------------------------*\/\r\n      jQuery(function ($) {\r\n        'use strict';\r\n\r\n        if (document.querySelector('.typed-text-15142461') !== null) {\t\r\n          var options = {\r\n            stringsElement: '#typed-strings-15142461',\r\n            typeSpeed: 60,\r\n            backSpeed: 30,\r\n            backDelay: 2000,\r\n            startDelay: 0,\r\n            loop: true\r\n          };\r\n          var typed = new Typed('.typed-text-15142461:not(.prevent)', options);\r\n        }\r\n\r\n        if (document.querySelector('.typed-text-2-15142461') !== null) {\r\n          var options_2 = {\r\n            stringsElement: '#typed-strings-2-15142461',\r\n            typeSpeed: 60,\r\n            backSpeed: 30,\r\n            backDelay: 2000,\r\n            startDelay: 0,\r\n            loop: true\r\n          };\r\n          var typed_2 = new Typed('.typed-text-2-15142461:not(.prevent)', options_2);\r\n        }\r\n      })\r\n    <\/script>\r\n\r\n    \t\t\t\t<\/div>\n\t\t\t\t<\/div>\n\t\t\t\t\t<\/div>\n\t\t<\/div>\n\t\t\t\t\t<\/div>\n\t\t<\/section>\n\t\t\t\t\t<\/div>\n\t\t<\/div>\n\t\t\t\t\t<\/div>\n\t\t<\/section>\n\t\t\t\t<section class=\"elementor-section elementor-top-section elementor-element elementor-element-1689a73 elementor-section-full_width elementor-section-height-default elementor-section-height-default\" data-id=\"1689a73\" data-element_type=\"section\" data-e-type=\"section\" data-settings=\"{&quot;background_background&quot;:&quot;classic&quot;}\">\n\t\t\t\t\t\t<div class=\"elementor-container elementor-column-gap-no\">\n\t\t\t\t\t<div class=\"elementor-column elementor-col-100 elementor-top-column elementor-element elementor-element-5461fa5\" data-id=\"5461fa5\" data-element_type=\"column\" data-e-type=\"column\">\n\t\t\t<div class=\"elementor-widget-wrap elementor-element-populated\">\n\t\t\t\t\t\t<div class=\"elementor-element elementor-element-464e296 elementor-widget elementor-widget-shock-intro-text\" data-id=\"464e296\" data-element_type=\"widget\" data-e-type=\"widget\" data-widget_type=\"shock-intro-text.default\">\n\t\t\t\t<div class=\"elementor-widget-container\">\n\t\t\t\t\t    <!-- Intro Text -->\r\n    <div class=\"intro-text basic-intro mx-auto text-center\">\r\n      <h2 class=\"title\"><span class=\"text-1 text-style-5 normal\">Le \"nostre\" <\/span><span class=\"text-2 text-style-6 text-italic normal\"><mark>Associazioni Amiche<\/mark><\/span><\/h2>    <\/div>\r\n\r\n    <!-- Script needs -->\r\n    <script>\r\n      \/*----------------------------------------------\r\n      Typed Text Settings\r\n      ----------------------------------------------*\/\r\n      jQuery(function ($) {\r\n        'use strict';\r\n\r\n        if (document.querySelector('.typed-text-464e296') !== null) {\t\r\n          var options = {\r\n            stringsElement: '#typed-strings-464e296',\r\n            typeSpeed: 60,\r\n            backSpeed: 30,\r\n            backDelay: 2000,\r\n            startDelay: 0,\r\n            loop: true\r\n          };\r\n          var typed = new Typed('.typed-text-464e296:not(.prevent)', options);\r\n        }\r\n\r\n        if (document.querySelector('.typed-text-2-464e296') !== null) {\r\n          var options_2 = {\r\n            stringsElement: '#typed-strings-2-464e296',\r\n            typeSpeed: 60,\r\n            backSpeed: 30,\r\n            backDelay: 2000,\r\n            startDelay: 0,\r\n            loop: true\r\n          };\r\n          var typed_2 = new Typed('.typed-text-2-464e296:not(.prevent)', options_2);\r\n        }\r\n      })\r\n    <\/script>\r\n\r\n    \t\t\t\t<\/div>\n\t\t\t\t<\/div>\n\t\t\t\t<div class=\"elementor-element elementor-element-6c25ced elementor-widget__width-initial elementor-widget elementor-widget-shock-post-carousel\" data-id=\"6c25ced\" data-element_type=\"widget\" data-e-type=\"widget\" data-widget_type=\"shock-post-carousel.default\">\n\t\t\t\t<div class=\"elementor-widget-container\">\n\t\t\t\t\t    <!-- Post Carousel -->\r\n    <div class=\"shock-section\">\r\n      <div class=\"swiper slider has-gap stretched has-navigation has-navigation-spacing\" \r\n        data-columns=\"4,3,1,1\" \r\n        data-autoplay=\"10000\" \r\n        data-loop=\"true\">\r\n        <div class=\"swiper-wrapper\">\r\n                        <div class=\"swiper-slide\">\r\n                <div class=\"card has-full-image parent\">\r\n                  <div class=\"image-wrapper hover-zoom\"><img fetchpriority=\"high\" decoding=\"async\" width=\"2000\" height=\"1333\" src=\"https:\/\/terramarecielo.it\/associazione\/wp-content\/uploads\/2025\/11\/1633.jpg\" class=\"image wp-post-image\" alt=\"\" srcset=\"https:\/\/terramarecielo.it\/associazione\/wp-content\/uploads\/2025\/11\/1633.jpg 2000w, https:\/\/terramarecielo.it\/associazione\/wp-content\/uploads\/2025\/11\/1633-300x200.jpg 300w, https:\/\/terramarecielo.it\/associazione\/wp-content\/uploads\/2025\/11\/1633-1024x682.jpg 1024w, https:\/\/terramarecielo.it\/associazione\/wp-content\/uploads\/2025\/11\/1633-768x512.jpg 768w, https:\/\/terramarecielo.it\/associazione\/wp-content\/uploads\/2025\/11\/1633-1536x1024.jpg 1536w\" sizes=\"(max-width: 2000px) 100vw, 2000px\" \/><\/div>                  <!-- Body -->\r\n                  <div class=\"card-body align-v-bottom\">\r\n                    <div class=\"holder\">\r\n                                            \r\n                        <a href=\"https:\/\/terramarecielo.it\/associazione\/category\/associazioni-amiche\/\" class=\"link\">                      \r\n                          <span class=\"badge\">\r\n                            <span class=\"badge-text\">\r\n                              Associazioni Amiche                            <\/span>\r\n                          <\/span>\r\n                        <\/a>                      \r\n                                              \r\n                        <a href=\"https:\/\/terramarecielo.it\/associazione\/category\/news-tips-tricks\/\" class=\"link\">                      \r\n                          <span class=\"badge\">\r\n                            <span class=\"badge-text\">\r\n                              Novit\u00e0 e Consigli                            <\/span>\r\n                          <\/span>\r\n                        <\/a>                      \r\n                                              \r\n                        <a href=\"https:\/\/terramarecielo.it\/associazione\/category\/viaggi-e-turismo\/\" class=\"link\">                      \r\n                          <span class=\"badge\">\r\n                            <span class=\"badge-text\">\r\n                              Viaggi e turismo                            <\/span>\r\n                          <\/span>\r\n                        <\/a>                      \r\n                        <h3 class=\"title text-style-9 line-clamp-3\">A S&#8217;passo ASD e Terra Mare Cielo APS : nuova partnership<\/h3>                      <div class=\"hr\"><\/div>\r\n                      <div class=\"card-metadata\">\r\n                                                  <div class=\"item\">\r\n                            <a href=\"https:\/\/terramarecielo.it\/associazione\/2025\/11\/07\/\" class=\"link\">                              \r\n                              <i class=\"fa-solid fa-calendar-days icon\"><\/i>7 Novembre 2025                            <\/a>\r\n                          <\/div>\r\n                                              <\/div>\r\n                                          <\/div>\r\n                    <!-- Overlay -->\r\n                    <div class=\"overlay\"><\/div>\r\n                    <!-- Link -->\r\n                    <a href=\"https:\/\/terramarecielo.it\/associazione\/associazioni-amiche-a-spasso-asd-2\/\" class=\"full-link\"><\/a>\r\n                  <\/div>\r\n                <\/div>\r\n              <\/div>\r\n                    <\/div>\r\n        <div class=\"swiper-button-prev ms-1\"><\/div><div class=\"swiper-button-next me-1\"><\/div>      <\/div>\r\n    <\/div>\r\n\r\n    \t\t\t\t<\/div>\n\t\t\t\t<\/div>\n\t\t\t\t\t<\/div>\n\t\t<\/div>\n\t\t\t\t\t<\/div>\n\t\t<\/section>\n\t\t\t\t<section class=\"elementor-section elementor-top-section elementor-element elementor-element-5ba212ac elementor-section-full_width elementor-section-height-default elementor-section-height-default\" data-id=\"5ba212ac\" data-element_type=\"section\" data-e-type=\"section\" data-settings=\"{&quot;background_background&quot;:&quot;classic&quot;,&quot;shape_divider_top&quot;:&quot;mountains&quot;,&quot;shape_divider_bottom&quot;:&quot;opacity-tilt&quot;}\">\n\t\t\t\t\t<div class=\"elementor-shape elementor-shape-top\" aria-hidden=\"true\" data-negative=\"false\">\n\t\t\t<svg xmlns=\"http:\/\/www.w3.org\/2000\/svg\" viewBox=\"0 0 1000 100\" preserveAspectRatio=\"none\">\n\t<path class=\"elementor-shape-fill\" opacity=\"0.33\" d=\"M473,67.3c-203.9,88.3-263.1-34-320.3,0C66,119.1,0,59.7,0,59.7V0h1000v59.7 c0,0-62.1,26.1-94.9,29.3c-32.8,3.3-62.8-12.3-75.8-22.1C806,49.6,745.3,8.7,694.9,4.7S492.4,59,473,67.3z\"\/>\n\t<path class=\"elementor-shape-fill\" opacity=\"0.66\" d=\"M734,67.3c-45.5,0-77.2-23.2-129.1-39.1c-28.6-8.7-150.3-10.1-254,39.1 s-91.7-34.4-149.2,0C115.7,118.3,0,39.8,0,39.8V0h1000v36.5c0,0-28.2-18.5-92.1-18.5C810.2,18.1,775.7,67.3,734,67.3z\"\/>\n\t<path class=\"elementor-shape-fill\" d=\"M766.1,28.9c-200-57.5-266,65.5-395.1,19.5C242,1.8,242,5.4,184.8,20.6C128,35.8,132.3,44.9,89.9,52.5C28.6,63.7,0,0,0,0 h1000c0,0-9.9,40.9-83.6,48.1S829.6,47,766.1,28.9z\"\/>\n<\/svg>\t\t<\/div>\n\t\t\t\t<div class=\"elementor-shape elementor-shape-bottom\" aria-hidden=\"true\" data-negative=\"false\">\n\t\t\t<svg xmlns=\"http:\/\/www.w3.org\/2000\/svg\" viewBox=\"0 0 2600 131.1\" preserveAspectRatio=\"none\">\n\t<path class=\"elementor-shape-fill\" d=\"M0 0L2600 0 2600 69.1 0 0z\"\/>\n\t<path class=\"elementor-shape-fill\" style=\"opacity:0.5\" d=\"M0 0L2600 0 2600 69.1 0 69.1z\"\/>\n\t<path class=\"elementor-shape-fill\" style=\"opacity:0.25\" d=\"M2600 0L0 0 0 130.1 2600 69.1z\"\/>\n<\/svg>\t\t<\/div>\n\t\t\t\t\t<div class=\"elementor-container elementor-column-gap-no\">\n\t\t\t\t\t<div class=\"elementor-column elementor-col-100 elementor-top-column elementor-element elementor-element-5c727040\" data-id=\"5c727040\" data-element_type=\"column\" data-e-type=\"column\">\n\t\t\t<div class=\"elementor-widget-wrap elementor-element-populated\">\n\t\t\t\t\t\t<section class=\"elementor-section elementor-inner-section elementor-element elementor-element-4ddc01de container elementor-section-full_width elementor-section-height-default elementor-section-height-default\" data-id=\"4ddc01de\" data-element_type=\"section\" data-e-type=\"section\">\n\t\t\t\t\t\t<div class=\"elementor-container elementor-column-gap-no\">\n\t\t\t\t\t<div class=\"elementor-column elementor-col-100 elementor-inner-column elementor-element elementor-element-3ebf0f46\" data-id=\"3ebf0f46\" data-element_type=\"column\" data-e-type=\"column\">\n\t\t\t<div class=\"elementor-widget-wrap elementor-element-populated\">\n\t\t\t\t\t\t<div class=\"elementor-element elementor-element-76fe6bf9 elementor-widget elementor-widget-shock-intro-text\" data-id=\"76fe6bf9\" data-element_type=\"widget\" data-e-type=\"widget\" data-widget_type=\"shock-intro-text.default\">\n\t\t\t\t<div class=\"elementor-widget-container\">\n\t\t\t\t\t    <!-- Intro Text -->\r\n    <div class=\"intro-text basic-intro mx-auto text-center\">\r\n      <h2 class=\"title\"><span class=\"text-1 text-style-5 normal\">...alcuni Progetti <\/span><span class=\"text-2 text-style-6 text-italic normal\">che <mark>SOSTENIAMO<\/mark><\/span><\/h2>    <\/div>\r\n\r\n    <!-- Script needs -->\r\n    <script>\r\n      \/*----------------------------------------------\r\n      Typed Text Settings\r\n      ----------------------------------------------*\/\r\n      jQuery(function ($) {\r\n        'use strict';\r\n\r\n        if (document.querySelector('.typed-text-76fe6bf9') !== null) {\t\r\n          var options = {\r\n            stringsElement: '#typed-strings-76fe6bf9',\r\n            typeSpeed: 60,\r\n            backSpeed: 30,\r\n            backDelay: 2000,\r\n            startDelay: 0,\r\n            loop: true\r\n          };\r\n          var typed = new Typed('.typed-text-76fe6bf9:not(.prevent)', options);\r\n        }\r\n\r\n        if (document.querySelector('.typed-text-2-76fe6bf9') !== null) {\r\n          var options_2 = {\r\n            stringsElement: '#typed-strings-2-76fe6bf9',\r\n            typeSpeed: 60,\r\n            backSpeed: 30,\r\n            backDelay: 2000,\r\n            startDelay: 0,\r\n            loop: true\r\n          };\r\n          var typed_2 = new Typed('.typed-text-2-76fe6bf9:not(.prevent)', options_2);\r\n        }\r\n      })\r\n    <\/script>\r\n\r\n    \t\t\t\t<\/div>\n\t\t\t\t<\/div>\n\t\t\t\t\t<\/div>\n\t\t<\/div>\n\t\t\t\t\t<\/div>\n\t\t<\/section>\n\t\t\t\t<section class=\"elementor-section elementor-inner-section elementor-element elementor-element-273bd80b elementor-section-full_width elementor-section-height-default elementor-section-height-default\" data-id=\"273bd80b\" data-element_type=\"section\" data-e-type=\"section\">\n\t\t\t\t\t\t<div class=\"elementor-container elementor-column-gap-no\">\n\t\t\t\t\t<div class=\"elementor-column elementor-col-100 elementor-inner-column elementor-element elementor-element-6a0573a8\" data-id=\"6a0573a8\" data-element_type=\"column\" data-e-type=\"column\">\n\t\t\t<div class=\"elementor-widget-wrap elementor-element-populated\">\n\t\t\t\t\t\t<div class=\"elementor-element elementor-element-a344461 elementor-widget__width-inherit elementor-widget elementor-widget-shock-gallery\" data-id=\"a344461\" data-element_type=\"widget\" data-e-type=\"widget\" data-widget_type=\"shock-gallery.default\">\n\t\t\t\t<div class=\"elementor-widget-container\">\n\t\t\t\t\t    <!-- Gallery -->\r\n    <div class=\"shock-section\">\r\n      <div class=\"shuffle\"><div class=\"horizontal-tab scheme-1 accent\"><ul class=\"nav nav-tabs\"><li class=\"nav-item\"><button class=\"nav-link shuffle-button active\" data-value=\"All\">Tutte le attivit\u00e0<\/button><\/li>          <li class=\"nav-item\">\r\n            <button class=\"nav-link shuffle-button\" data-value=\"Azioni concluse\">\r\n              Azioni concluse            <\/button>\r\n          <\/li>\r\n                  <li class=\"nav-item\">\r\n            <button class=\"nav-link shuffle-button\" data-value=\"Attivit\u00e0 in corso\">\r\n              Attivit\u00e0 in corso            <\/button>\r\n          <\/li>\r\n                  <li class=\"nav-item\">\r\n            <button class=\"nav-link shuffle-button\" data-value=\"Progetti sempre attivi\">\r\n              Progetti sempre attivi            <\/button>\r\n          <\/li>\r\n        <\/ul><div class=\"row m-0\">      <!-- Gallery -->\r\n      <div class=\"gallery shuffle-container\">\r\n                  <div class=\"col-12 col-md-6 col-lg-3 shuffle-item\" data-groups='[\"Attivit\u00e0 in corso\",\"Progetti sempre attivi\"]'><a href=\"\/associazione\/recupero-tecnologico-a-favore-del-sociale\/\" target=\"_blank\" rel=\"nofollow\" class=\"item   hover-zoom-rotate \"><div class=\"text-wrapper text-center \"><h3 class=\"title text-style-7\">Recupero tecnologio<\/h3><p class=\"description\">Raccogliamo, ripariamo e rendiamo disponibili per scopi sociali prodotti elettronici dismessi<\/p><\/div>            <div class=\"image-wrapper\">\r\n              <div class=\"overlay\"><\/div>\r\n              <img decoding=\"async\" src=\"https:\/\/terramarecielo.it\/associazione\/wp-content\/uploads\/2023\/04\/recycle-icon-computer-keyboard-genn-engery-concept.jpg\" alt=\"\" class=\"image fit-cover\" \/>            <\/div>\r\n                      <\/a>\r\n          <\/div>          <div class=\"col-12 col-md-6 col-lg-3 shuffle-item\" data-groups='[\"Attivit\u00e0 in corso\",\"Progetti sempre attivi\"]'><a href=\"\/associazione\/la-mia-cerimonia\/\" target=\"_blank\" rel=\"nofollow\" class=\"item   hover-zoom-rotate \"><div class=\"text-wrapper text-center \"><h3 class=\"title text-style-7\">La mia Cerimonia<\/h3><p class=\"description\">Un modo diverso di valorizzare le tappe importanti della propria vita<\/p><\/div>            <div class=\"image-wrapper\">\r\n              <div class=\"overlay\"><\/div>\r\n              <img decoding=\"async\" src=\"https:\/\/terramarecielo.it\/associazione\/wp-content\/uploads\/2023\/04\/feminine-hands-holding-wedding-envelope.jpg\" alt=\"\" class=\"image fit-cover\" \/>            <\/div>\r\n                      <\/a>\r\n          <\/div>          <div class=\"col-12 col-md-6 col-lg-3 shuffle-item\" data-groups='[\"Attivit\u00e0 in corso\",\"Progetti sempre attivi\"]'><a href=\"\/associazione\/agenzia-di-viaggi\/\" target=\"_blank\" rel=\"nofollow\" class=\"item   hover-zoom-rotate \"><div class=\"text-wrapper text-center \"><h3 class=\"title text-style-7\">La \"nostra\" Agenzia di Viaggi<\/h3><p class=\"description\">...cercando di rispettare l'ambiente e promuovendo un turismo etico e sostenibile per tutti<\/p><\/div>            <div class=\"image-wrapper\">\r\n              <div class=\"overlay\"><\/div>\r\n              <img decoding=\"async\" src=\"https:\/\/terramarecielo.it\/associazione\/wp-content\/uploads\/2022\/11\/logo_01_composizione_.jpg\" alt=\"\" class=\"image fit-cover\" \/>            <\/div>\r\n                      <\/a>\r\n          <\/div>          <div class=\"col-12 col-md-6 col-lg-3 shuffle-item\" data-groups='[\"Azioni concluse\"]'><a href=\"\/associazione\/fattoria-bio-laudato-si\/\" target=\"_blank\" rel=\"nofollow\" class=\"item   hover-zoom-rotate \"><div class=\"text-wrapper text-center \"><h3 class=\"title text-style-7\">Fattoria Bio Laudato Si<\/h3><p class=\"description\">Un piccolo aiuto ad un progetto meritevole<\/p><\/div>            <div class=\"image-wrapper\">\r\n              <div class=\"overlay\"><\/div>\r\n              <img decoding=\"async\" src=\"https:\/\/terramarecielo.it\/associazione\/wp-content\/uploads\/2023\/04\/Screenshot-2023-04-25-at-17-51-36-Fattoria-BIO-Laudato-si-Fattoria-BIO-Laudato-si.png\" alt=\"\" class=\"image fit-cover\" \/>            <\/div>\r\n                      <\/a>\r\n          <\/div>      <\/div> <!-- \/Gallery -->\r\n      <div class=\"col-1 shuffle-sizer\"><\/div><\/div><\/div><\/div>    <\/div>\r\n\r\n    \t\t\t\t<\/div>\n\t\t\t\t<\/div>\n\t\t\t\t\t<\/div>\n\t\t<\/div>\n\t\t\t\t\t<\/div>\n\t\t<\/section>\n\t\t\t\t\t<\/div>\n\t\t<\/div>\n\t\t\t\t\t<\/div>\n\t\t<\/section>\n\t\t\t\t<section class=\"elementor-section elementor-top-section elementor-element elementor-element-325316c1 elementor-section-full_width elementor-section-height-default elementor-section-height-default\" data-id=\"325316c1\" data-element_type=\"section\" data-e-type=\"section\" data-settings=\"{&quot;background_background&quot;:&quot;classic&quot;}\">\n\t\t\t\t\t\t<div class=\"elementor-container elementor-column-gap-no\">\n\t\t\t\t\t<div class=\"elementor-column elementor-col-100 elementor-top-column elementor-element elementor-element-4b36b6d6\" data-id=\"4b36b6d6\" data-element_type=\"column\" data-e-type=\"column\" data-settings=\"{&quot;background_background&quot;:&quot;classic&quot;}\">\n\t\t\t<div class=\"elementor-widget-wrap elementor-element-populated\">\n\t\t\t\t\t\t<div class=\"elementor-element elementor-element-134cff03 elementor-widget elementor-widget-shock-intro-text\" data-id=\"134cff03\" data-element_type=\"widget\" data-e-type=\"widget\" data-widget_type=\"shock-intro-text.default\">\n\t\t\t\t<div class=\"elementor-widget-container\">\n\t\t\t\t\t    <!-- Intro Text -->\r\n    <div class=\"intro-text basic-intro mx-auto text-center\">\r\n      <h2 class=\"title\"><span class=\"text-1 text-style-5 normal\">News, Eventi<\/span><span class=\"text-2 text-style-6 text-italic normal\"> ed informazioni <mark>UTILI<\/mark><\/span><\/h2>    <\/div>\r\n\r\n    <!-- Script needs -->\r\n    <script>\r\n      \/*----------------------------------------------\r\n      Typed Text Settings\r\n      ----------------------------------------------*\/\r\n      jQuery(function ($) {\r\n        'use strict';\r\n\r\n        if (document.querySelector('.typed-text-134cff03') !== null) {\t\r\n          var options = {\r\n            stringsElement: '#typed-strings-134cff03',\r\n            typeSpeed: 60,\r\n            backSpeed: 30,\r\n            backDelay: 2000,\r\n            startDelay: 0,\r\n            loop: true\r\n          };\r\n          var typed = new Typed('.typed-text-134cff03:not(.prevent)', options);\r\n        }\r\n\r\n        if (document.querySelector('.typed-text-2-134cff03') !== null) {\r\n          var options_2 = {\r\n            stringsElement: '#typed-strings-2-134cff03',\r\n            typeSpeed: 60,\r\n            backSpeed: 30,\r\n            backDelay: 2000,\r\n            startDelay: 0,\r\n            loop: true\r\n          };\r\n          var typed_2 = new Typed('.typed-text-2-134cff03:not(.prevent)', options_2);\r\n        }\r\n      })\r\n    <\/script>\r\n\r\n    \t\t\t\t<\/div>\n\t\t\t\t<\/div>\n\t\t\t\t<div class=\"elementor-element elementor-element-8442ffb elementor-widget__width-initial elementor-widget elementor-widget-shock-post-carousel\" data-id=\"8442ffb\" data-element_type=\"widget\" data-e-type=\"widget\" data-widget_type=\"shock-post-carousel.default\">\n\t\t\t\t<div class=\"elementor-widget-container\">\n\t\t\t\t\t    <!-- Post Carousel -->\r\n    <div class=\"shock-section\">\r\n      <div class=\"swiper slider has-gap stretched has-navigation has-navigation-spacing\" \r\n        data-columns=\"4,3,1,1\" \r\n        data-autoplay=\"10000\" \r\n        data-loop=\"true\">\r\n        <div class=\"swiper-wrapper\">\r\n                        <div class=\"swiper-slide\">\r\n                <div class=\"card has-full-image parent\">\r\n                  <div class=\"image-wrapper hover-zoom\"><img fetchpriority=\"high\" decoding=\"async\" width=\"2000\" height=\"1333\" src=\"https:\/\/terramarecielo.it\/associazione\/wp-content\/uploads\/2025\/11\/1633.jpg\" class=\"image wp-post-image\" alt=\"\" srcset=\"https:\/\/terramarecielo.it\/associazione\/wp-content\/uploads\/2025\/11\/1633.jpg 2000w, https:\/\/terramarecielo.it\/associazione\/wp-content\/uploads\/2025\/11\/1633-300x200.jpg 300w, https:\/\/terramarecielo.it\/associazione\/wp-content\/uploads\/2025\/11\/1633-1024x682.jpg 1024w, https:\/\/terramarecielo.it\/associazione\/wp-content\/uploads\/2025\/11\/1633-768x512.jpg 768w, https:\/\/terramarecielo.it\/associazione\/wp-content\/uploads\/2025\/11\/1633-1536x1024.jpg 1536w\" sizes=\"(max-width: 2000px) 100vw, 2000px\" \/><\/div>                  <!-- Body -->\r\n                  <div class=\"card-body align-v-bottom\">\r\n                    <div class=\"holder\">\r\n                                            \r\n                        <a href=\"https:\/\/terramarecielo.it\/associazione\/category\/associazioni-amiche\/\" class=\"link\">                      \r\n                          <span class=\"badge\">\r\n                            <span class=\"badge-text\">\r\n                              Associazioni Amiche                            <\/span>\r\n                          <\/span>\r\n                        <\/a>                      \r\n                                              \r\n                        <a href=\"https:\/\/terramarecielo.it\/associazione\/category\/news-tips-tricks\/\" class=\"link\">                      \r\n                          <span class=\"badge\">\r\n                            <span class=\"badge-text\">\r\n                              Novit\u00e0 e Consigli                            <\/span>\r\n                          <\/span>\r\n                        <\/a>                      \r\n                                              \r\n                        <a href=\"https:\/\/terramarecielo.it\/associazione\/category\/viaggi-e-turismo\/\" class=\"link\">                      \r\n                          <span class=\"badge\">\r\n                            <span class=\"badge-text\">\r\n                              Viaggi e turismo                            <\/span>\r\n                          <\/span>\r\n                        <\/a>                      \r\n                        <h3 class=\"title text-style-9 line-clamp-3\">A S&#8217;passo ASD e Terra Mare Cielo APS : nuova partnership<\/h3>                      <div class=\"hr\"><\/div>\r\n                      <div class=\"card-metadata\">\r\n                                                  <div class=\"item\">\r\n                            <a href=\"https:\/\/terramarecielo.it\/associazione\/2025\/11\/07\/\" class=\"link\">                              \r\n                              <i class=\"fa-solid fa-calendar-days icon\"><\/i>7 Novembre 2025                            <\/a>\r\n                          <\/div>\r\n                                              <\/div>\r\n                                          <\/div>\r\n                    <!-- Overlay -->\r\n                    <div class=\"overlay\"><\/div>\r\n                    <!-- Link -->\r\n                    <a href=\"https:\/\/terramarecielo.it\/associazione\/associazioni-amiche-a-spasso-asd-2\/\" class=\"full-link\"><\/a>\r\n                  <\/div>\r\n                <\/div>\r\n              <\/div>\r\n                          <div class=\"swiper-slide\">\r\n                <div class=\"card has-full-image parent\">\r\n                  <div class=\"image-wrapper hover-zoom\"><img decoding=\"async\" width=\"1500\" height=\"1060\" src=\"https:\/\/terramarecielo.it\/associazione\/wp-content\/uploads\/2025\/10\/3-lembi-esterno-finale-versione-web.jpg\" class=\"image wp-post-image\" alt=\"\" srcset=\"https:\/\/terramarecielo.it\/associazione\/wp-content\/uploads\/2025\/10\/3-lembi-esterno-finale-versione-web.jpg 1500w, https:\/\/terramarecielo.it\/associazione\/wp-content\/uploads\/2025\/10\/3-lembi-esterno-finale-versione-web-300x212.jpg 300w, https:\/\/terramarecielo.it\/associazione\/wp-content\/uploads\/2025\/10\/3-lembi-esterno-finale-versione-web-1024x724.jpg 1024w, https:\/\/terramarecielo.it\/associazione\/wp-content\/uploads\/2025\/10\/3-lembi-esterno-finale-versione-web-768x543.jpg 768w\" sizes=\"(max-width: 1500px) 100vw, 1500px\" \/><\/div>                  <!-- Body -->\r\n                  <div class=\"card-body align-v-bottom\">\r\n                    <div class=\"holder\">\r\n                                            \r\n                        <a href=\"https:\/\/terramarecielo.it\/associazione\/category\/attivita-culturali\/\" class=\"link\">                      \r\n                          <span class=\"badge\">\r\n                            <span class=\"badge-text\">\r\n                              Attivit\u00e0 culturali                            <\/span>\r\n                          <\/span>\r\n                        <\/a>                      \r\n                                              \r\n                        <a href=\"https:\/\/terramarecielo.it\/associazione\/category\/eventi\/\" class=\"link\">                      \r\n                          <span class=\"badge\">\r\n                            <span class=\"badge-text\">\r\n                              Eventi                            <\/span>\r\n                          <\/span>\r\n                        <\/a>                      \r\n                                              \r\n                        <a href=\"https:\/\/terramarecielo.it\/associazione\/category\/news-tips-tricks\/\" class=\"link\">                      \r\n                          <span class=\"badge\">\r\n                            <span class=\"badge-text\">\r\n                              Novit\u00e0 e Consigli                            <\/span>\r\n                          <\/span>\r\n                        <\/a>                      \r\n                                              \r\n                        <a href=\"https:\/\/terramarecielo.it\/associazione\/category\/progetti-che-sosteniamo\/\" class=\"link\">                      \r\n                          <span class=\"badge\">\r\n                            <span class=\"badge-text\">\r\n                              Progetti che sosteniamo                            <\/span>\r\n                          <\/span>\r\n                        <\/a>                      \r\n                                              \r\n                        <a href=\"https:\/\/terramarecielo.it\/associazione\/category\/progetti-continuativi\/\" class=\"link\">                      \r\n                          <span class=\"badge\">\r\n                            <span class=\"badge-text\">\r\n                              Progetti continuativi                            <\/span>\r\n                          <\/span>\r\n                        <\/a>                      \r\n                                              \r\n                        <a href=\"https:\/\/terramarecielo.it\/associazione\/category\/promozione-sociale\/\" class=\"link\">                      \r\n                          <span class=\"badge\">\r\n                            <span class=\"badge-text\">\r\n                              Promozione sociale                            <\/span>\r\n                          <\/span>\r\n                        <\/a>                      \r\n                                              \r\n                        <a href=\"https:\/\/terramarecielo.it\/associazione\/category\/viaggi-e-turismo\/\" class=\"link\">                      \r\n                          <span class=\"badge\">\r\n                            <span class=\"badge-text\">\r\n                              Viaggi e turismo                            <\/span>\r\n                          <\/span>\r\n                        <\/a>                      \r\n                        <h3 class=\"title text-style-9 line-clamp-3\">Corsi di formazione autunno\/inverno 2025\/26<\/h3>                      <div class=\"hr\"><\/div>\r\n                      <div class=\"card-metadata\">\r\n                                                  <div class=\"item\">\r\n                            <a href=\"https:\/\/terramarecielo.it\/associazione\/2025\/10\/11\/\" class=\"link\">                              \r\n                              <i class=\"fa-solid fa-calendar-days icon\"><\/i>11 Ottobre 2025                            <\/a>\r\n                          <\/div>\r\n                                              <\/div>\r\n                                          <\/div>\r\n                    <!-- Overlay -->\r\n                    <div class=\"overlay\"><\/div>\r\n                    <!-- Link -->\r\n                    <a href=\"https:\/\/terramarecielo.it\/associazione\/corsi-di-formazione-autunno-inverno-2025-26\/\" class=\"full-link\"><\/a>\r\n                  <\/div>\r\n                <\/div>\r\n              <\/div>\r\n                          <div class=\"swiper-slide\">\r\n                <div class=\"card has-full-image parent\">\r\n                  <div class=\"image-wrapper hover-zoom\"><img decoding=\"async\" width=\"2480\" height=\"3450\" src=\"https:\/\/terramarecielo.it\/associazione\/wp-content\/uploads\/2025\/04\/LOCANDINA_abc_pc_aprile_maggio_VIGODARZERE.jpg\" class=\"image wp-post-image\" alt=\"\" srcset=\"https:\/\/terramarecielo.it\/associazione\/wp-content\/uploads\/2025\/04\/LOCANDINA_abc_pc_aprile_maggio_VIGODARZERE.jpg 2480w, https:\/\/terramarecielo.it\/associazione\/wp-content\/uploads\/2025\/04\/LOCANDINA_abc_pc_aprile_maggio_VIGODARZERE-216x300.jpg 216w, https:\/\/terramarecielo.it\/associazione\/wp-content\/uploads\/2025\/04\/LOCANDINA_abc_pc_aprile_maggio_VIGODARZERE-736x1024.jpg 736w, https:\/\/terramarecielo.it\/associazione\/wp-content\/uploads\/2025\/04\/LOCANDINA_abc_pc_aprile_maggio_VIGODARZERE-768x1068.jpg 768w, https:\/\/terramarecielo.it\/associazione\/wp-content\/uploads\/2025\/04\/LOCANDINA_abc_pc_aprile_maggio_VIGODARZERE-1104x1536.jpg 1104w, https:\/\/terramarecielo.it\/associazione\/wp-content\/uploads\/2025\/04\/LOCANDINA_abc_pc_aprile_maggio_VIGODARZERE-1472x2048.jpg 1472w, https:\/\/terramarecielo.it\/associazione\/wp-content\/uploads\/2025\/04\/LOCANDINA_abc_pc_aprile_maggio_VIGODARZERE-1024x1425.jpg 1024w\" sizes=\"(max-width: 2480px) 100vw, 2480px\" \/><\/div>                  <!-- Body -->\r\n                  <div class=\"card-body align-v-bottom\">\r\n                    <div class=\"holder\">\r\n                                            \r\n                        <a href=\"https:\/\/terramarecielo.it\/associazione\/category\/attivita-culturali\/\" class=\"link\">                      \r\n                          <span class=\"badge\">\r\n                            <span class=\"badge-text\">\r\n                              Attivit\u00e0 culturali                            <\/span>\r\n                          <\/span>\r\n                        <\/a>                      \r\n                                              \r\n                        <a href=\"https:\/\/terramarecielo.it\/associazione\/category\/eventi\/\" class=\"link\">                      \r\n                          <span class=\"badge\">\r\n                            <span class=\"badge-text\">\r\n                              Eventi                            <\/span>\r\n                          <\/span>\r\n                        <\/a>                      \r\n                                              \r\n                        <a href=\"https:\/\/terramarecielo.it\/associazione\/category\/progetti-che-sosteniamo\/\" class=\"link\">                      \r\n                          <span class=\"badge\">\r\n                            <span class=\"badge-text\">\r\n                              Progetti che sosteniamo                            <\/span>\r\n                          <\/span>\r\n                        <\/a>                      \r\n                                              \r\n                        <a href=\"https:\/\/terramarecielo.it\/associazione\/category\/promozione-sociale\/\" class=\"link\">                      \r\n                          <span class=\"badge\">\r\n                            <span class=\"badge-text\">\r\n                              Promozione sociale                            <\/span>\r\n                          <\/span>\r\n                        <\/a>                      \r\n                        <h3 class=\"title text-style-9 line-clamp-3\">Corso di formazione sull&#8217;utilizzo del Computer<\/h3>                      <div class=\"hr\"><\/div>\r\n                      <div class=\"card-metadata\">\r\n                                                  <div class=\"item\">\r\n                            <a href=\"https:\/\/terramarecielo.it\/associazione\/2025\/04\/16\/\" class=\"link\">                              \r\n                              <i class=\"fa-solid fa-calendar-days icon\"><\/i>16 Aprile 2025                            <\/a>\r\n                          <\/div>\r\n                                              <\/div>\r\n                                          <\/div>\r\n                    <!-- Overlay -->\r\n                    <div class=\"overlay\"><\/div>\r\n                    <!-- Link -->\r\n                    <a href=\"https:\/\/terramarecielo.it\/associazione\/corso-di-formazione-sullutilizzo-del-computer\/\" class=\"full-link\"><\/a>\r\n                  <\/div>\r\n                <\/div>\r\n              <\/div>\r\n                          <div class=\"swiper-slide\">\r\n                <div class=\"card has-full-image parent\">\r\n                  <div class=\"image-wrapper hover-zoom\"><img loading=\"lazy\" decoding=\"async\" width=\"1080\" height=\"1080\" src=\"https:\/\/terramarecielo.it\/associazione\/wp-content\/uploads\/2025\/01\/1.jpg\" class=\"image wp-post-image\" alt=\"\" srcset=\"https:\/\/terramarecielo.it\/associazione\/wp-content\/uploads\/2025\/01\/1.jpg 1080w, https:\/\/terramarecielo.it\/associazione\/wp-content\/uploads\/2025\/01\/1-300x300.jpg 300w, https:\/\/terramarecielo.it\/associazione\/wp-content\/uploads\/2025\/01\/1-1024x1024.jpg 1024w, https:\/\/terramarecielo.it\/associazione\/wp-content\/uploads\/2025\/01\/1-150x150.jpg 150w, https:\/\/terramarecielo.it\/associazione\/wp-content\/uploads\/2025\/01\/1-768x768.jpg 768w\" sizes=\"(max-width: 1080px) 100vw, 1080px\" \/><\/div>                  <!-- Body -->\r\n                  <div class=\"card-body align-v-bottom\">\r\n                    <div class=\"holder\">\r\n                                            \r\n                        <a href=\"https:\/\/terramarecielo.it\/associazione\/category\/attivita-culturali\/\" class=\"link\">                      \r\n                          <span class=\"badge\">\r\n                            <span class=\"badge-text\">\r\n                              Attivit\u00e0 culturali                            <\/span>\r\n                          <\/span>\r\n                        <\/a>                      \r\n                                              \r\n                        <a href=\"https:\/\/terramarecielo.it\/associazione\/category\/eventi\/\" class=\"link\">                      \r\n                          <span class=\"badge\">\r\n                            <span class=\"badge-text\">\r\n                              Eventi                            <\/span>\r\n                          <\/span>\r\n                        <\/a>                      \r\n                                              \r\n                        <a href=\"https:\/\/terramarecielo.it\/associazione\/category\/progetti-che-sosteniamo\/\" class=\"link\">                      \r\n                          <span class=\"badge\">\r\n                            <span class=\"badge-text\">\r\n                              Progetti che sosteniamo                            <\/span>\r\n                          <\/span>\r\n                        <\/a>                      \r\n                                              \r\n                        <a href=\"https:\/\/terramarecielo.it\/associazione\/category\/promozione-sociale\/\" class=\"link\">                      \r\n                          <span class=\"badge\">\r\n                            <span class=\"badge-text\">\r\n                              Promozione sociale                            <\/span>\r\n                          <\/span>\r\n                        <\/a>                      \r\n                        <h3 class=\"title text-style-9 line-clamp-3\">9 febbraio 2025 \u2013 Il Salottino delle Spose<\/h3>                      <div class=\"hr\"><\/div>\r\n                      <div class=\"card-metadata\">\r\n                                                  <div class=\"item\">\r\n                            <a href=\"https:\/\/terramarecielo.it\/associazione\/2025\/01\/31\/\" class=\"link\">                              \r\n                              <i class=\"fa-solid fa-calendar-days icon\"><\/i>31 Gennaio 2025                            <\/a>\r\n                          <\/div>\r\n                                              <\/div>\r\n                                          <\/div>\r\n                    <!-- Overlay -->\r\n                    <div class=\"overlay\"><\/div>\r\n                    <!-- Link -->\r\n                    <a href=\"https:\/\/terramarecielo.it\/associazione\/9-febbraio-2025-il-salottino-delle-spose\/\" class=\"full-link\"><\/a>\r\n                  <\/div>\r\n                <\/div>\r\n              <\/div>\r\n                          <div class=\"swiper-slide\">\r\n                <div class=\"card has-full-image parent\">\r\n                  <div class=\"image-wrapper hover-zoom\"><img loading=\"lazy\" decoding=\"async\" width=\"1920\" height=\"1080\" src=\"https:\/\/terramarecielo.it\/associazione\/wp-content\/uploads\/2024\/12\/negozio_1.jpg\" class=\"image wp-post-image\" alt=\"\" srcset=\"https:\/\/terramarecielo.it\/associazione\/wp-content\/uploads\/2024\/12\/negozio_1.jpg 1920w, https:\/\/terramarecielo.it\/associazione\/wp-content\/uploads\/2024\/12\/negozio_1-300x169.jpg 300w, https:\/\/terramarecielo.it\/associazione\/wp-content\/uploads\/2024\/12\/negozio_1-1024x576.jpg 1024w, https:\/\/terramarecielo.it\/associazione\/wp-content\/uploads\/2024\/12\/negozio_1-768x432.jpg 768w, https:\/\/terramarecielo.it\/associazione\/wp-content\/uploads\/2024\/12\/negozio_1-1536x864.jpg 1536w\" sizes=\"(max-width: 1920px) 100vw, 1920px\" \/><\/div>                  <!-- Body -->\r\n                  <div class=\"card-body align-v-bottom\">\r\n                    <div class=\"holder\">\r\n                                            \r\n                        <a href=\"https:\/\/terramarecielo.it\/associazione\/category\/eventi\/\" class=\"link\">                      \r\n                          <span class=\"badge\">\r\n                            <span class=\"badge-text\">\r\n                              Eventi                            <\/span>\r\n                          <\/span>\r\n                        <\/a>                      \r\n                                              \r\n                        <a href=\"https:\/\/terramarecielo.it\/associazione\/category\/news-tips-tricks\/\" class=\"link\">                      \r\n                          <span class=\"badge\">\r\n                            <span class=\"badge-text\">\r\n                              Novit\u00e0 e Consigli                            <\/span>\r\n                          <\/span>\r\n                        <\/a>                      \r\n                                              \r\n                        <a href=\"https:\/\/terramarecielo.it\/associazione\/category\/progetti-che-sosteniamo\/\" class=\"link\">                      \r\n                          <span class=\"badge\">\r\n                            <span class=\"badge-text\">\r\n                              Progetti che sosteniamo                            <\/span>\r\n                          <\/span>\r\n                        <\/a>                      \r\n                                              \r\n                        <a href=\"https:\/\/terramarecielo.it\/associazione\/category\/progetti-continuativi\/\" class=\"link\">                      \r\n                          <span class=\"badge\">\r\n                            <span class=\"badge-text\">\r\n                              Progetti continuativi                            <\/span>\r\n                          <\/span>\r\n                        <\/a>                      \r\n                                              \r\n                        <a href=\"https:\/\/terramarecielo.it\/associazione\/category\/promozione-sociale\/\" class=\"link\">                      \r\n                          <span class=\"badge\">\r\n                            <span class=\"badge-text\">\r\n                              Promozione sociale                            <\/span>\r\n                          <\/span>\r\n                        <\/a>                      \r\n                                              \r\n                        <a href=\"https:\/\/terramarecielo.it\/associazione\/category\/tutela-ambientale\/\" class=\"link\">                      \r\n                          <span class=\"badge\">\r\n                            <span class=\"badge-text\">\r\n                              Tutela ambientale                            <\/span>\r\n                          <\/span>\r\n                        <\/a>                      \r\n                        <h3 class=\"title text-style-9 line-clamp-3\">LaNatura.Bio a sostegno dei prodotti Veneti<\/h3>                      <div class=\"hr\"><\/div>\r\n                      <div class=\"card-metadata\">\r\n                                                  <div class=\"item\">\r\n                            <a href=\"https:\/\/terramarecielo.it\/associazione\/2024\/12\/07\/\" class=\"link\">                              \r\n                              <i class=\"fa-solid fa-calendar-days icon\"><\/i>7 Dicembre 2024                            <\/a>\r\n                          <\/div>\r\n                                              <\/div>\r\n                                          <\/div>\r\n                    <!-- Overlay -->\r\n                    <div class=\"overlay\"><\/div>\r\n                    <!-- Link -->\r\n                    <a href=\"https:\/\/terramarecielo.it\/associazione\/lanatura-bio\/\" class=\"full-link\"><\/a>\r\n                  <\/div>\r\n                <\/div>\r\n              <\/div>\r\n                          <div class=\"swiper-slide\">\r\n                <div class=\"card has-full-image parent\">\r\n                  <div class=\"image-wrapper hover-zoom\"><img loading=\"lazy\" decoding=\"async\" width=\"1638\" height=\"2048\" src=\"https:\/\/terramarecielo.it\/associazione\/wp-content\/uploads\/2024\/10\/locandina_FB_n.jpg\" class=\"image wp-post-image\" alt=\"\" srcset=\"https:\/\/terramarecielo.it\/associazione\/wp-content\/uploads\/2024\/10\/locandina_FB_n.jpg 1638w, https:\/\/terramarecielo.it\/associazione\/wp-content\/uploads\/2024\/10\/locandina_FB_n-240x300.jpg 240w, https:\/\/terramarecielo.it\/associazione\/wp-content\/uploads\/2024\/10\/locandina_FB_n-819x1024.jpg 819w, https:\/\/terramarecielo.it\/associazione\/wp-content\/uploads\/2024\/10\/locandina_FB_n-768x960.jpg 768w, https:\/\/terramarecielo.it\/associazione\/wp-content\/uploads\/2024\/10\/locandina_FB_n-1229x1536.jpg 1229w, https:\/\/terramarecielo.it\/associazione\/wp-content\/uploads\/2024\/10\/locandina_FB_n-1024x1280.jpg 1024w\" sizes=\"(max-width: 1638px) 100vw, 1638px\" \/><\/div>                  <!-- Body -->\r\n                  <div class=\"card-body align-v-bottom\">\r\n                    <div class=\"holder\">\r\n                                            \r\n                        <a href=\"https:\/\/terramarecielo.it\/associazione\/category\/attivita-culturali\/\" class=\"link\">                      \r\n                          <span class=\"badge\">\r\n                            <span class=\"badge-text\">\r\n                              Attivit\u00e0 culturali                            <\/span>\r\n                          <\/span>\r\n                        <\/a>                      \r\n                                              \r\n                        <a href=\"https:\/\/terramarecielo.it\/associazione\/category\/eventi\/\" class=\"link\">                      \r\n                          <span class=\"badge\">\r\n                            <span class=\"badge-text\">\r\n                              Eventi                            <\/span>\r\n                          <\/span>\r\n                        <\/a>                      \r\n                                              \r\n                        <a href=\"https:\/\/terramarecielo.it\/associazione\/category\/progetti-che-sosteniamo\/\" class=\"link\">                      \r\n                          <span class=\"badge\">\r\n                            <span class=\"badge-text\">\r\n                              Progetti che sosteniamo                            <\/span>\r\n                          <\/span>\r\n                        <\/a>                      \r\n                                              \r\n                        <a href=\"https:\/\/terramarecielo.it\/associazione\/category\/promozione-sociale\/\" class=\"link\">                      \r\n                          <span class=\"badge\">\r\n                            <span class=\"badge-text\">\r\n                              Promozione sociale                            <\/span>\r\n                          <\/span>\r\n                        <\/a>                      \r\n                        <h3 class=\"title text-style-9 line-clamp-3\">Corso di formazione sull&#8217;utilizzo dello SmartPhone<\/h3>                      <div class=\"hr\"><\/div>\r\n                      <div class=\"card-metadata\">\r\n                                                  <div class=\"item\">\r\n                            <a href=\"https:\/\/terramarecielo.it\/associazione\/2024\/10\/15\/\" class=\"link\">                              \r\n                              <i class=\"fa-solid fa-calendar-days icon\"><\/i>15 Ottobre 2024                            <\/a>\r\n                          <\/div>\r\n                                              <\/div>\r\n                                          <\/div>\r\n                    <!-- Overlay -->\r\n                    <div class=\"overlay\"><\/div>\r\n                    <!-- Link -->\r\n                    <a href=\"https:\/\/terramarecielo.it\/associazione\/corso-di-formazione-sullutilizzo-dello-smartphone\/\" class=\"full-link\"><\/a>\r\n                  <\/div>\r\n                <\/div>\r\n              <\/div>\r\n                          <div class=\"swiper-slide\">\r\n                <div class=\"card has-full-image parent\">\r\n                  <div class=\"image-wrapper hover-zoom\"><img loading=\"lazy\" decoding=\"async\" width=\"1754\" height=\"1826\" src=\"https:\/\/terramarecielo.it\/associazione\/wp-content\/uploads\/2024\/09\/Programma-e-orario-corsi-TMC-RDX.jpg\" class=\"image wp-post-image\" alt=\"Programma e orario corsi autunno\/inverno 2024\/25\" srcset=\"https:\/\/terramarecielo.it\/associazione\/wp-content\/uploads\/2024\/09\/Programma-e-orario-corsi-TMC-RDX.jpg 1754w, https:\/\/terramarecielo.it\/associazione\/wp-content\/uploads\/2024\/09\/Programma-e-orario-corsi-TMC-RDX-288x300.jpg 288w, https:\/\/terramarecielo.it\/associazione\/wp-content\/uploads\/2024\/09\/Programma-e-orario-corsi-TMC-RDX-984x1024.jpg 984w, https:\/\/terramarecielo.it\/associazione\/wp-content\/uploads\/2024\/09\/Programma-e-orario-corsi-TMC-RDX-768x800.jpg 768w, https:\/\/terramarecielo.it\/associazione\/wp-content\/uploads\/2024\/09\/Programma-e-orario-corsi-TMC-RDX-1475x1536.jpg 1475w, https:\/\/terramarecielo.it\/associazione\/wp-content\/uploads\/2024\/09\/Programma-e-orario-corsi-TMC-RDX-1024x1066.jpg 1024w\" sizes=\"(max-width: 1754px) 100vw, 1754px\" \/><\/div>                  <!-- Body -->\r\n                  <div class=\"card-body align-v-bottom\">\r\n                    <div class=\"holder\">\r\n                                            \r\n                        <a href=\"https:\/\/terramarecielo.it\/associazione\/category\/attivita-culturali\/\" class=\"link\">                      \r\n                          <span class=\"badge\">\r\n                            <span class=\"badge-text\">\r\n                              Attivit\u00e0 culturali                            <\/span>\r\n                          <\/span>\r\n                        <\/a>                      \r\n                                              \r\n                        <a href=\"https:\/\/terramarecielo.it\/associazione\/category\/eventi\/\" class=\"link\">                      \r\n                          <span class=\"badge\">\r\n                            <span class=\"badge-text\">\r\n                              Eventi                            <\/span>\r\n                          <\/span>\r\n                        <\/a>                      \r\n                                              \r\n                        <a href=\"https:\/\/terramarecielo.it\/associazione\/category\/news-tips-tricks\/\" class=\"link\">                      \r\n                          <span class=\"badge\">\r\n                            <span class=\"badge-text\">\r\n                              Novit\u00e0 e Consigli                            <\/span>\r\n                          <\/span>\r\n                        <\/a>                      \r\n                                              \r\n                        <a href=\"https:\/\/terramarecielo.it\/associazione\/category\/progetti-che-sosteniamo\/\" class=\"link\">                      \r\n                          <span class=\"badge\">\r\n                            <span class=\"badge-text\">\r\n                              Progetti che sosteniamo                            <\/span>\r\n                          <\/span>\r\n                        <\/a>                      \r\n                                              \r\n                        <a href=\"https:\/\/terramarecielo.it\/associazione\/category\/progetti-continuativi\/\" class=\"link\">                      \r\n                          <span class=\"badge\">\r\n                            <span class=\"badge-text\">\r\n                              Progetti continuativi                            <\/span>\r\n                          <\/span>\r\n                        <\/a>                      \r\n                                              \r\n                        <a href=\"https:\/\/terramarecielo.it\/associazione\/category\/promozione-sociale\/\" class=\"link\">                      \r\n                          <span class=\"badge\">\r\n                            <span class=\"badge-text\">\r\n                              Promozione sociale                            <\/span>\r\n                          <\/span>\r\n                        <\/a>                      \r\n                                              \r\n                        <a href=\"https:\/\/terramarecielo.it\/associazione\/category\/viaggi-e-turismo\/\" class=\"link\">                      \r\n                          <span class=\"badge\">\r\n                            <span class=\"badge-text\">\r\n                              Viaggi e turismo                            <\/span>\r\n                          <\/span>\r\n                        <\/a>                      \r\n                        <h3 class=\"title text-style-9 line-clamp-3\">Corsi di formazione autunno\/inverno 2024\/25<\/h3>                      <div class=\"hr\"><\/div>\r\n                      <div class=\"card-metadata\">\r\n                                                  <div class=\"item\">\r\n                            <a href=\"https:\/\/terramarecielo.it\/associazione\/2024\/09\/27\/\" class=\"link\">                              \r\n                              <i class=\"fa-solid fa-calendar-days icon\"><\/i>27 Settembre 2024                            <\/a>\r\n                          <\/div>\r\n                                              <\/div>\r\n                                          <\/div>\r\n                    <!-- Overlay -->\r\n                    <div class=\"overlay\"><\/div>\r\n                    <!-- Link -->\r\n                    <a href=\"https:\/\/terramarecielo.it\/associazione\/corsi-di-formazione-autunno-inverno-2024-25\/\" class=\"full-link\"><\/a>\r\n                  <\/div>\r\n                <\/div>\r\n              <\/div>\r\n                          <div class=\"swiper-slide\">\r\n                <div class=\"card has-full-image parent\">\r\n                  <div class=\"image-wrapper hover-zoom\"><img loading=\"lazy\" decoding=\"async\" width=\"848\" height=\"1200\" src=\"https:\/\/terramarecielo.it\/associazione\/wp-content\/uploads\/2024\/03\/Corso-di-informatica-over-65.jpg\" class=\"image wp-post-image\" alt=\"Corso-di-informatica-over-65\" srcset=\"https:\/\/terramarecielo.it\/associazione\/wp-content\/uploads\/2024\/03\/Corso-di-informatica-over-65.jpg 848w, https:\/\/terramarecielo.it\/associazione\/wp-content\/uploads\/2024\/03\/Corso-di-informatica-over-65-212x300.jpg 212w, https:\/\/terramarecielo.it\/associazione\/wp-content\/uploads\/2024\/03\/Corso-di-informatica-over-65-724x1024.jpg 724w, https:\/\/terramarecielo.it\/associazione\/wp-content\/uploads\/2024\/03\/Corso-di-informatica-over-65-768x1087.jpg 768w\" sizes=\"(max-width: 848px) 100vw, 848px\" \/><\/div>                  <!-- Body -->\r\n                  <div class=\"card-body align-v-bottom\">\r\n                    <div class=\"holder\">\r\n                                            \r\n                        <a href=\"https:\/\/terramarecielo.it\/associazione\/category\/attivita-culturali\/\" class=\"link\">                      \r\n                          <span class=\"badge\">\r\n                            <span class=\"badge-text\">\r\n                              Attivit\u00e0 culturali                            <\/span>\r\n                          <\/span>\r\n                        <\/a>                      \r\n                                              \r\n                        <a href=\"https:\/\/terramarecielo.it\/associazione\/category\/eventi\/\" class=\"link\">                      \r\n                          <span class=\"badge\">\r\n                            <span class=\"badge-text\">\r\n                              Eventi                            <\/span>\r\n                          <\/span>\r\n                        <\/a>                      \r\n                                              \r\n                        <a href=\"https:\/\/terramarecielo.it\/associazione\/category\/progetti-che-sosteniamo\/\" class=\"link\">                      \r\n                          <span class=\"badge\">\r\n                            <span class=\"badge-text\">\r\n                              Progetti che sosteniamo                            <\/span>\r\n                          <\/span>\r\n                        <\/a>                      \r\n                        <h3 class=\"title text-style-9 line-clamp-3\">CORSO DI INFORMATICA PER OVER 65<\/h3>                      <div class=\"hr\"><\/div>\r\n                      <div class=\"card-metadata\">\r\n                                                  <div class=\"item\">\r\n                            <a href=\"https:\/\/terramarecielo.it\/associazione\/2024\/03\/01\/\" class=\"link\">                              \r\n                              <i class=\"fa-solid fa-calendar-days icon\"><\/i>1 Marzo 2024                            <\/a>\r\n                          <\/div>\r\n                                              <\/div>\r\n                                          <\/div>\r\n                    <!-- Overlay -->\r\n                    <div class=\"overlay\"><\/div>\r\n                    <!-- Link -->\r\n                    <a href=\"https:\/\/terramarecielo.it\/associazione\/corso-di-informatica-per-over-65\/\" class=\"full-link\"><\/a>\r\n                  <\/div>\r\n                <\/div>\r\n              <\/div>\r\n                          <div class=\"swiper-slide\">\r\n                <div class=\"card has-full-image parent\">\r\n                  <div class=\"image-wrapper hover-zoom\"><img loading=\"lazy\" decoding=\"async\" width=\"1920\" height=\"945\" src=\"https:\/\/terramarecielo.it\/associazione\/wp-content\/uploads\/2023\/10\/full-shot-people-traveling-together_rdx.jpg\" class=\"image wp-post-image\" alt=\"Terra Mare Cielo - Associazioni Amiche\" srcset=\"https:\/\/terramarecielo.it\/associazione\/wp-content\/uploads\/2023\/10\/full-shot-people-traveling-together_rdx.jpg 1920w, https:\/\/terramarecielo.it\/associazione\/wp-content\/uploads\/2023\/10\/full-shot-people-traveling-together_rdx-300x148.jpg 300w, https:\/\/terramarecielo.it\/associazione\/wp-content\/uploads\/2023\/10\/full-shot-people-traveling-together_rdx-1024x504.jpg 1024w, https:\/\/terramarecielo.it\/associazione\/wp-content\/uploads\/2023\/10\/full-shot-people-traveling-together_rdx-768x378.jpg 768w, https:\/\/terramarecielo.it\/associazione\/wp-content\/uploads\/2023\/10\/full-shot-people-traveling-together_rdx-1536x756.jpg 1536w\" sizes=\"(max-width: 1920px) 100vw, 1920px\" \/><\/div>                  <!-- Body -->\r\n                  <div class=\"card-body align-v-bottom\">\r\n                    <div class=\"holder\">\r\n                                            \r\n                        <a href=\"https:\/\/terramarecielo.it\/associazione\/category\/associazioni-amiche\/\" class=\"link\">                      \r\n                          <span class=\"badge\">\r\n                            <span class=\"badge-text\">\r\n                              Associazioni Amiche                            <\/span>\r\n                          <\/span>\r\n                        <\/a>                      \r\n                        <h3 class=\"title text-style-9 line-clamp-3\">Associazioni Amiche: A S&#8217;passo ASD<\/h3>                      <div class=\"hr\"><\/div>\r\n                      <div class=\"card-metadata\">\r\n                                                  <div class=\"item\">\r\n                            <a href=\"https:\/\/terramarecielo.it\/associazione\/2023\/10\/13\/\" class=\"link\">                              \r\n                              <i class=\"fa-solid fa-calendar-days icon\"><\/i>13 Ottobre 2023                            <\/a>\r\n                          <\/div>\r\n                                              <\/div>\r\n                                          <\/div>\r\n                    <!-- Overlay -->\r\n                    <div class=\"overlay\"><\/div>\r\n                    <!-- Link -->\r\n                    <a href=\"https:\/\/terramarecielo.it\/associazione\/associazioni-amiche-a-spasso-asd\/\" class=\"full-link\"><\/a>\r\n                  <\/div>\r\n                <\/div>\r\n              <\/div>\r\n                          <div class=\"swiper-slide\">\r\n                <div class=\"card has-full-image parent\">\r\n                  <div class=\"image-wrapper hover-zoom\"><img loading=\"lazy\" decoding=\"async\" width=\"2100\" height=\"1284\" src=\"https:\/\/terramarecielo.it\/associazione\/wp-content\/uploads\/2023\/09\/collage-beautiful-italy-rome-florence-pisa-venice.jpg\" class=\"image wp-post-image\" alt=\"gite e viaggi\" srcset=\"https:\/\/terramarecielo.it\/associazione\/wp-content\/uploads\/2023\/09\/collage-beautiful-italy-rome-florence-pisa-venice.jpg 2100w, https:\/\/terramarecielo.it\/associazione\/wp-content\/uploads\/2023\/09\/collage-beautiful-italy-rome-florence-pisa-venice-300x183.jpg 300w, https:\/\/terramarecielo.it\/associazione\/wp-content\/uploads\/2023\/09\/collage-beautiful-italy-rome-florence-pisa-venice-1024x626.jpg 1024w, https:\/\/terramarecielo.it\/associazione\/wp-content\/uploads\/2023\/09\/collage-beautiful-italy-rome-florence-pisa-venice-768x470.jpg 768w, https:\/\/terramarecielo.it\/associazione\/wp-content\/uploads\/2023\/09\/collage-beautiful-italy-rome-florence-pisa-venice-1536x939.jpg 1536w, https:\/\/terramarecielo.it\/associazione\/wp-content\/uploads\/2023\/09\/collage-beautiful-italy-rome-florence-pisa-venice-2048x1252.jpg 2048w\" sizes=\"(max-width: 2100px) 100vw, 2100px\" \/><\/div>                  <!-- Body -->\r\n                  <div class=\"card-body align-v-bottom\">\r\n                    <div class=\"holder\">\r\n                                            \r\n                        <a href=\"https:\/\/terramarecielo.it\/associazione\/category\/attivita-culturali\/\" class=\"link\">                      \r\n                          <span class=\"badge\">\r\n                            <span class=\"badge-text\">\r\n                              Attivit\u00e0 culturali                            <\/span>\r\n                          <\/span>\r\n                        <\/a>                      \r\n                                              \r\n                        <a href=\"https:\/\/terramarecielo.it\/associazione\/category\/eventi\/\" class=\"link\">                      \r\n                          <span class=\"badge\">\r\n                            <span class=\"badge-text\">\r\n                              Eventi                            <\/span>\r\n                          <\/span>\r\n                        <\/a>                      \r\n                                              \r\n                        <a href=\"https:\/\/terramarecielo.it\/associazione\/category\/news-tips-tricks\/\" class=\"link\">                      \r\n                          <span class=\"badge\">\r\n                            <span class=\"badge-text\">\r\n                              Novit\u00e0 e Consigli                            <\/span>\r\n                          <\/span>\r\n                        <\/a>                      \r\n                                              \r\n                        <a href=\"https:\/\/terramarecielo.it\/associazione\/category\/progetti-continuativi\/\" class=\"link\">                      \r\n                          <span class=\"badge\">\r\n                            <span class=\"badge-text\">\r\n                              Progetti continuativi                            <\/span>\r\n                          <\/span>\r\n                        <\/a>                      \r\n                                              \r\n                        <a href=\"https:\/\/terramarecielo.it\/associazione\/category\/viaggi-e-turismo\/\" class=\"link\">                      \r\n                          <span class=\"badge\">\r\n                            <span class=\"badge-text\">\r\n                              Viaggi e turismo                            <\/span>\r\n                          <\/span>\r\n                        <\/a>                      \r\n                        <h3 class=\"title text-style-9 line-clamp-3\">Ricominciano le gite ed i viaggi!<\/h3>                      <div class=\"hr\"><\/div>\r\n                      <div class=\"card-metadata\">\r\n                                                  <div class=\"item\">\r\n                            <a href=\"https:\/\/terramarecielo.it\/associazione\/2023\/09\/05\/\" class=\"link\">                              \r\n                              <i class=\"fa-solid fa-calendar-days icon\"><\/i>5 Settembre 2023                            <\/a>\r\n                          <\/div>\r\n                                              <\/div>\r\n                                          <\/div>\r\n                    <!-- Overlay -->\r\n                    <div class=\"overlay\"><\/div>\r\n                    <!-- Link -->\r\n                    <a href=\"https:\/\/terramarecielo.it\/associazione\/ricominciano-le-gite-ed-i-viaggi\/\" class=\"full-link\"><\/a>\r\n                  <\/div>\r\n                <\/div>\r\n              <\/div>\r\n                          <div class=\"swiper-slide\">\r\n                <div class=\"card has-full-image parent\">\r\n                  <div class=\"image-wrapper hover-zoom\"><img loading=\"lazy\" decoding=\"async\" width=\"1920\" height=\"1280\" src=\"https:\/\/terramarecielo.it\/associazione\/wp-content\/uploads\/2023\/06\/blurred-supermarket-background_rdx.jpg\" class=\"image wp-post-image\" alt=\"\" srcset=\"https:\/\/terramarecielo.it\/associazione\/wp-content\/uploads\/2023\/06\/blurred-supermarket-background_rdx.jpg 1920w, https:\/\/terramarecielo.it\/associazione\/wp-content\/uploads\/2023\/06\/blurred-supermarket-background_rdx-300x200.jpg 300w, https:\/\/terramarecielo.it\/associazione\/wp-content\/uploads\/2023\/06\/blurred-supermarket-background_rdx-1024x683.jpg 1024w, https:\/\/terramarecielo.it\/associazione\/wp-content\/uploads\/2023\/06\/blurred-supermarket-background_rdx-768x512.jpg 768w, https:\/\/terramarecielo.it\/associazione\/wp-content\/uploads\/2023\/06\/blurred-supermarket-background_rdx-1536x1024.jpg 1536w\" sizes=\"(max-width: 1920px) 100vw, 1920px\" \/><\/div>                  <!-- Body -->\r\n                  <div class=\"card-body align-v-bottom\">\r\n                    <div class=\"holder\">\r\n                                            \r\n                        <a href=\"https:\/\/terramarecielo.it\/associazione\/category\/eventi\/\" class=\"link\">                      \r\n                          <span class=\"badge\">\r\n                            <span class=\"badge-text\">\r\n                              Eventi                            <\/span>\r\n                          <\/span>\r\n                        <\/a>                      \r\n                                              \r\n                        <a href=\"https:\/\/terramarecielo.it\/associazione\/category\/promozione-sociale\/\" class=\"link\">                      \r\n                          <span class=\"badge\">\r\n                            <span class=\"badge-text\">\r\n                              Promozione sociale                            <\/span>\r\n                          <\/span>\r\n                        <\/a>                      \r\n                        <h3 class=\"title text-style-9 line-clamp-3\">17 Giugno 2023 &#8211; Vigodarzere &#8211; Notte Bianca<\/h3>                      <div class=\"hr\"><\/div>\r\n                      <div class=\"card-metadata\">\r\n                                                  <div class=\"item\">\r\n                            <a href=\"https:\/\/terramarecielo.it\/associazione\/2023\/06\/13\/\" class=\"link\">                              \r\n                              <i class=\"fa-solid fa-calendar-days icon\"><\/i>13 Giugno 2023                            <\/a>\r\n                          <\/div>\r\n                                              <\/div>\r\n                                          <\/div>\r\n                    <!-- Overlay -->\r\n                    <div class=\"overlay\"><\/div>\r\n                    <!-- Link -->\r\n                    <a href=\"https:\/\/terramarecielo.it\/associazione\/17-giugno-2023-vigodarzere-notte-bianca\/\" class=\"full-link\"><\/a>\r\n                  <\/div>\r\n                <\/div>\r\n              <\/div>\r\n                          <div class=\"swiper-slide\">\r\n                <div class=\"card has-full-image parent\">\r\n                  <div class=\"image-wrapper hover-zoom\"><img loading=\"lazy\" decoding=\"async\" width=\"980\" height=\"653\" src=\"https:\/\/terramarecielo.it\/associazione\/wp-content\/uploads\/2023\/04\/rent-a-car-980x653-2.jpg\" class=\"image wp-post-image\" alt=\"\" srcset=\"https:\/\/terramarecielo.it\/associazione\/wp-content\/uploads\/2023\/04\/rent-a-car-980x653-2.jpg 980w, https:\/\/terramarecielo.it\/associazione\/wp-content\/uploads\/2023\/04\/rent-a-car-980x653-2-300x200.jpg 300w, https:\/\/terramarecielo.it\/associazione\/wp-content\/uploads\/2023\/04\/rent-a-car-980x653-2-768x512.jpg 768w\" sizes=\"(max-width: 980px) 100vw, 980px\" \/><\/div>                  <!-- Body -->\r\n                  <div class=\"card-body align-v-bottom\">\r\n                    <div class=\"holder\">\r\n                                            \r\n                        <a href=\"https:\/\/terramarecielo.it\/associazione\/category\/news-tips-tricks\/\" class=\"link\">                      \r\n                          <span class=\"badge\">\r\n                            <span class=\"badge-text\">\r\n                              Novit\u00e0 e Consigli                            <\/span>\r\n                          <\/span>\r\n                        <\/a>                      \r\n                                              \r\n                        <a href=\"https:\/\/terramarecielo.it\/associazione\/category\/viaggi-e-turismo\/\" class=\"link\">                      \r\n                          <span class=\"badge\">\r\n                            <span class=\"badge-text\">\r\n                              Viaggi e turismo                            <\/span>\r\n                          <\/span>\r\n                        <\/a>                      \r\n                        <h3 class=\"title text-style-9 line-clamp-3\">Noleggio auto consigli per una vacanza serena<\/h3>                      <div class=\"hr\"><\/div>\r\n                      <div class=\"card-metadata\">\r\n                                                  <div class=\"item\">\r\n                            <a href=\"https:\/\/terramarecielo.it\/associazione\/2023\/05\/01\/\" class=\"link\">                              \r\n                              <i class=\"fa-solid fa-calendar-days icon\"><\/i>1 Maggio 2023                            <\/a>\r\n                          <\/div>\r\n                                              <\/div>\r\n                                          <\/div>\r\n                    <!-- Overlay -->\r\n                    <div class=\"overlay\"><\/div>\r\n                    <!-- Link -->\r\n                    <a href=\"https:\/\/terramarecielo.it\/associazione\/noleggio-auto-consigli-per-una-vacanza-serena\/\" class=\"full-link\"><\/a>\r\n                  <\/div>\r\n                <\/div>\r\n              <\/div>\r\n                    <\/div>\r\n        <div class=\"swiper-button-prev ms-1\"><\/div><div class=\"swiper-button-next me-1\"><\/div>      <\/div>\r\n    <\/div>\r\n\r\n    \t\t\t\t<\/div>\n\t\t\t\t<\/div>\n\t\t\t\t<section class=\"elementor-section elementor-inner-section elementor-element elementor-element-1a160203 elementor-section-full_width container elementor-section-height-default elementor-section-height-default\" data-id=\"1a160203\" data-element_type=\"section\" data-e-type=\"section\" data-settings=\"{&quot;background_background&quot;:&quot;classic&quot;}\">\n\t\t\t\t\t\t<div class=\"elementor-container elementor-column-gap-no\">\n\t\t\t\t\t<div class=\"elementor-column elementor-col-100 elementor-inner-column elementor-element elementor-element-32c06737\" data-id=\"32c06737\" data-element_type=\"column\" data-e-type=\"column\" data-settings=\"{&quot;background_background&quot;:&quot;classic&quot;}\">\n\t\t\t<div class=\"elementor-widget-wrap\">\n\t\t\t\t\t\t\t<\/div>\n\t\t<\/div>\n\t\t\t\t\t<\/div>\n\t\t<\/section>\n\t\t\t\t\t<\/div>\n\t\t<\/div>\n\t\t\t\t\t<\/div>\n\t\t<\/section>\n\t\t\t\t<section class=\"elementor-section elementor-top-section elementor-element elementor-element-7da8cc7c elementor-section-full_width elementor-section-height-default elementor-section-height-default\" data-id=\"7da8cc7c\" data-element_type=\"section\" data-e-type=\"section\">\n\t\t\t\t\t\t<div class=\"elementor-container elementor-column-gap-default\">\n\t\t\t\t\t<div class=\"elementor-column elementor-col-100 elementor-top-column elementor-element elementor-element-2ecbcedf\" data-id=\"2ecbcedf\" data-element_type=\"column\" data-e-type=\"column\">\n\t\t\t<div class=\"elementor-widget-wrap elementor-element-populated\">\n\t\t\t\t\t\t<div class=\"elementor-element elementor-element-49d19c95 elementor-widget elementor-widget-shock-image\" data-id=\"49d19c95\" data-element_type=\"widget\" data-e-type=\"widget\" data-widget_type=\"shock-image.default\">\n\t\t\t\t<div class=\"elementor-widget-container\">\n\t\t\t\t\t    <div class=\"holder align-h-center align-v-center\">\r\n            <!-- Image -->\r\n            <div class=\"image-wrapper\">\r\n        <img decoding=\"async\" src=\"https:\/\/terramarecielo.it\/associazione\/wp-content\/uploads\/2023\/10\/associazioni_amiche_bottom.jpg\" alt=\"Terra Mare Cielo - Associazioni Amiche\" class=\"image\" \/>              <\/div>\r\n    <\/div>\r\n  \t\t\t\t<\/div>\n\t\t\t\t<\/div>\n\t\t\t\t\t<\/div>\n\t\t<\/div>\n\t\t\t\t\t<\/div>\n\t\t<\/section>\n\t\t\t\t<\/div>\n\t\t","protected":false},"excerpt":{"rendered":"<p>Associazioni Amiche&#8230;insieme per un futuro migliore Un cammino da condividere Per quanto il nostro impegno sia forte e costante \u00e8 irrealistico pensare di poter soddisfare ogni necessit\u00e0 esistente non solo&#8230;<\/p>\n","protected":false},"author":1,"featured_media":0,"parent":0,"menu_order":0,"comment_status":"closed","ping_status":"closed","template":"elementor_header_footer","meta":{"give_campaign_id":0,"footnotes":""},"class_list":["post-10542","page","type-page","status-publish","hentry"],"yoast_head":"<!-- This site is optimized with the Yoast SEO plugin v27.4 - https:\/\/yoast.com\/product\/yoast-seo-wordpress\/ -->\n<title>Associazioni Amiche - Terra Mare Cielo - Associazione di Promozione Sociale<\/title>\n<meta name=\"robots\" content=\"index, follow, max-snippet:-1, max-image-preview:large, max-video-preview:-1\" \/>\n<link rel=\"canonical\" href=\"https:\/\/terramarecielo.it\/associazione\/associazioni-amiche\/\" \/>\n<meta property=\"og:locale\" content=\"it_IT\" \/>\n<meta property=\"og:type\" content=\"article\" \/>\n<meta property=\"og:title\" content=\"Associazioni Amiche - Terra Mare Cielo - Associazione di Promozione Sociale\" \/>\n<meta property=\"og:description\" content=\"Associazioni Amiche&#8230;insieme per un futuro migliore Un cammino da condividere Per quanto il nostro impegno sia forte e costante \u00e8 irrealistico pensare di poter soddisfare ogni necessit\u00e0 esistente non solo...\" \/>\n<meta property=\"og:url\" content=\"https:\/\/terramarecielo.it\/associazione\/associazioni-amiche\/\" \/>\n<meta property=\"og:site_name\" content=\"Terra Mare Cielo - Associazione di Promozione Sociale\" \/>\n<meta property=\"article:publisher\" content=\"https:\/\/www.facebook.com\/terramarecielo\" \/>\n<meta property=\"article:modified_time\" content=\"2023-10-13T21:13:29+00:00\" \/>\n<meta property=\"og:image\" content=\"https:\/\/terramarecielo.it\/associazione\/wp-content\/uploads\/2023\/10\/associazioni_amiche_top.jpg\" \/>\n<meta name=\"twitter:card\" content=\"summary_large_image\" \/>\n<meta name=\"twitter:label1\" content=\"Tempo di lettura stimato\" \/>\n\t<meta name=\"twitter:data1\" content=\"6 minuti\" \/>\n<script type=\"application\/ld+json\" class=\"yoast-schema-graph\">{\"@context\":\"https:\\\/\\\/schema.org\",\"@graph\":[{\"@type\":\"WebPage\",\"@id\":\"https:\\\/\\\/terramarecielo.it\\\/associazione\\\/associazioni-amiche\\\/\",\"url\":\"https:\\\/\\\/terramarecielo.it\\\/associazione\\\/associazioni-amiche\\\/\",\"name\":\"Associazioni Amiche - Terra Mare Cielo - Associazione di Promozione Sociale\",\"isPartOf\":{\"@id\":\"https:\\\/\\\/terramarecielo.it\\\/associazione\\\/#website\"},\"primaryImageOfPage\":{\"@id\":\"https:\\\/\\\/terramarecielo.it\\\/associazione\\\/associazioni-amiche\\\/#primaryimage\"},\"image\":{\"@id\":\"https:\\\/\\\/terramarecielo.it\\\/associazione\\\/associazioni-amiche\\\/#primaryimage\"},\"thumbnailUrl\":\"https:\\\/\\\/terramarecielo.it\\\/associazione\\\/wp-content\\\/uploads\\\/2023\\\/10\\\/associazioni_amiche_top.jpg\",\"datePublished\":\"2023-10-13T21:13:23+00:00\",\"dateModified\":\"2023-10-13T21:13:29+00:00\",\"breadcrumb\":{\"@id\":\"https:\\\/\\\/terramarecielo.it\\\/associazione\\\/associazioni-amiche\\\/#breadcrumb\"},\"inLanguage\":\"it-IT\",\"potentialAction\":[{\"@type\":\"ReadAction\",\"target\":[\"https:\\\/\\\/terramarecielo.it\\\/associazione\\\/associazioni-amiche\\\/\"]}]},{\"@type\":\"ImageObject\",\"inLanguage\":\"it-IT\",\"@id\":\"https:\\\/\\\/terramarecielo.it\\\/associazione\\\/associazioni-amiche\\\/#primaryimage\",\"url\":\"https:\\\/\\\/terramarecielo.it\\\/associazione\\\/wp-content\\\/uploads\\\/2023\\\/10\\\/associazioni_amiche_top.jpg\",\"contentUrl\":\"https:\\\/\\\/terramarecielo.it\\\/associazione\\\/wp-content\\\/uploads\\\/2023\\\/10\\\/associazioni_amiche_top.jpg\",\"width\":1920,\"height\":945,\"caption\":\"Terra Mare Cielo - Associazioni Amiche\"},{\"@type\":\"BreadcrumbList\",\"@id\":\"https:\\\/\\\/terramarecielo.it\\\/associazione\\\/associazioni-amiche\\\/#breadcrumb\",\"itemListElement\":[{\"@type\":\"ListItem\",\"position\":1,\"name\":\"Home\",\"item\":\"https:\\\/\\\/terramarecielo.it\\\/associazione\\\/\"},{\"@type\":\"ListItem\",\"position\":2,\"name\":\"Associazioni Amiche\"}]},{\"@type\":\"WebSite\",\"@id\":\"https:\\\/\\\/terramarecielo.it\\\/associazione\\\/#website\",\"url\":\"https:\\\/\\\/terramarecielo.it\\\/associazione\\\/\",\"name\":\"Terra Mare Cielo - Associazione di Promozione Sociale\",\"description\":\"Terra Mare Cielo - Associazione di Promozione Sociale\",\"publisher\":{\"@id\":\"https:\\\/\\\/terramarecielo.it\\\/associazione\\\/#organization\"},\"potentialAction\":[{\"@type\":\"SearchAction\",\"target\":{\"@type\":\"EntryPoint\",\"urlTemplate\":\"https:\\\/\\\/terramarecielo.it\\\/associazione\\\/?s={search_term_string}\"},\"query-input\":{\"@type\":\"PropertyValueSpecification\",\"valueRequired\":true,\"valueName\":\"search_term_string\"}}],\"inLanguage\":\"it-IT\"},{\"@type\":\"Organization\",\"@id\":\"https:\\\/\\\/terramarecielo.it\\\/associazione\\\/#organization\",\"name\":\"Terra Mare Cielo - Associazione di Promozione Sociale\",\"url\":\"https:\\\/\\\/terramarecielo.it\\\/associazione\\\/\",\"logo\":{\"@type\":\"ImageObject\",\"inLanguage\":\"it-IT\",\"@id\":\"https:\\\/\\\/terramarecielo.it\\\/associazione\\\/#\\\/schema\\\/logo\\\/image\\\/\",\"url\":\"https:\\\/\\\/terramarecielo.it\\\/associazione\\\/wp-content\\\/uploads\\\/2023\\\/03\\\/logo-definitivo_white_variante.png\",\"contentUrl\":\"https:\\\/\\\/terramarecielo.it\\\/associazione\\\/wp-content\\\/uploads\\\/2023\\\/03\\\/logo-definitivo_white_variante.png\",\"width\":3718,\"height\":3095,\"caption\":\"Terra Mare Cielo - Associazione di Promozione Sociale\"},\"image\":{\"@id\":\"https:\\\/\\\/terramarecielo.it\\\/associazione\\\/#\\\/schema\\\/logo\\\/image\\\/\"},\"sameAs\":[\"https:\\\/\\\/www.facebook.com\\\/terramarecielo\",\"https:\\\/\\\/www.instagram.com\\\/terramarecielo.it\\\/\"]}]}<\/script>\n<!-- \/ Yoast SEO plugin. -->","yoast_head_json":{"title":"Associazioni Amiche - Terra Mare Cielo - Associazione di Promozione Sociale","robots":{"index":"index","follow":"follow","max-snippet":"max-snippet:-1","max-image-preview":"max-image-preview:large","max-video-preview":"max-video-preview:-1"},"canonical":"https:\/\/terramarecielo.it\/associazione\/associazioni-amiche\/","og_locale":"it_IT","og_type":"article","og_title":"Associazioni Amiche - Terra Mare Cielo - Associazione di Promozione Sociale","og_description":"Associazioni Amiche&#8230;insieme per un futuro migliore Un cammino da condividere Per quanto il nostro impegno sia forte e costante \u00e8 irrealistico pensare di poter soddisfare ogni necessit\u00e0 esistente non solo...","og_url":"https:\/\/terramarecielo.it\/associazione\/associazioni-amiche\/","og_site_name":"Terra Mare Cielo - Associazione di Promozione Sociale","article_publisher":"https:\/\/www.facebook.com\/terramarecielo","article_modified_time":"2023-10-13T21:13:29+00:00","og_image":[{"url":"https:\/\/terramarecielo.it\/associazione\/wp-content\/uploads\/2023\/10\/associazioni_amiche_top.jpg","type":"","width":"","height":""}],"twitter_card":"summary_large_image","twitter_misc":{"Tempo di lettura stimato":"6 minuti"},"schema":{"@context":"https:\/\/schema.org","@graph":[{"@type":"WebPage","@id":"https:\/\/terramarecielo.it\/associazione\/associazioni-amiche\/","url":"https:\/\/terramarecielo.it\/associazione\/associazioni-amiche\/","name":"Associazioni Amiche - Terra Mare Cielo - Associazione di Promozione Sociale","isPartOf":{"@id":"https:\/\/terramarecielo.it\/associazione\/#website"},"primaryImageOfPage":{"@id":"https:\/\/terramarecielo.it\/associazione\/associazioni-amiche\/#primaryimage"},"image":{"@id":"https:\/\/terramarecielo.it\/associazione\/associazioni-amiche\/#primaryimage"},"thumbnailUrl":"https:\/\/terramarecielo.it\/associazione\/wp-content\/uploads\/2023\/10\/associazioni_amiche_top.jpg","datePublished":"2023-10-13T21:13:23+00:00","dateModified":"2023-10-13T21:13:29+00:00","breadcrumb":{"@id":"https:\/\/terramarecielo.it\/associazione\/associazioni-amiche\/#breadcrumb"},"inLanguage":"it-IT","potentialAction":[{"@type":"ReadAction","target":["https:\/\/terramarecielo.it\/associazione\/associazioni-amiche\/"]}]},{"@type":"ImageObject","inLanguage":"it-IT","@id":"https:\/\/terramarecielo.it\/associazione\/associazioni-amiche\/#primaryimage","url":"https:\/\/terramarecielo.it\/associazione\/wp-content\/uploads\/2023\/10\/associazioni_amiche_top.jpg","contentUrl":"https:\/\/terramarecielo.it\/associazione\/wp-content\/uploads\/2023\/10\/associazioni_amiche_top.jpg","width":1920,"height":945,"caption":"Terra Mare Cielo - Associazioni Amiche"},{"@type":"BreadcrumbList","@id":"https:\/\/terramarecielo.it\/associazione\/associazioni-amiche\/#breadcrumb","itemListElement":[{"@type":"ListItem","position":1,"name":"Home","item":"https:\/\/terramarecielo.it\/associazione\/"},{"@type":"ListItem","position":2,"name":"Associazioni Amiche"}]},{"@type":"WebSite","@id":"https:\/\/terramarecielo.it\/associazione\/#website","url":"https:\/\/terramarecielo.it\/associazione\/","name":"Terra Mare Cielo - Associazione di Promozione Sociale","description":"Terra Mare Cielo - Associazione di Promozione Sociale","publisher":{"@id":"https:\/\/terramarecielo.it\/associazione\/#organization"},"potentialAction":[{"@type":"SearchAction","target":{"@type":"EntryPoint","urlTemplate":"https:\/\/terramarecielo.it\/associazione\/?s={search_term_string}"},"query-input":{"@type":"PropertyValueSpecification","valueRequired":true,"valueName":"search_term_string"}}],"inLanguage":"it-IT"},{"@type":"Organization","@id":"https:\/\/terramarecielo.it\/associazione\/#organization","name":"Terra Mare Cielo - Associazione di Promozione Sociale","url":"https:\/\/terramarecielo.it\/associazione\/","logo":{"@type":"ImageObject","inLanguage":"it-IT","@id":"https:\/\/terramarecielo.it\/associazione\/#\/schema\/logo\/image\/","url":"https:\/\/terramarecielo.it\/associazione\/wp-content\/uploads\/2023\/03\/logo-definitivo_white_variante.png","contentUrl":"https:\/\/terramarecielo.it\/associazione\/wp-content\/uploads\/2023\/03\/logo-definitivo_white_variante.png","width":3718,"height":3095,"caption":"Terra Mare Cielo - Associazione di Promozione Sociale"},"image":{"@id":"https:\/\/terramarecielo.it\/associazione\/#\/schema\/logo\/image\/"},"sameAs":["https:\/\/www.facebook.com\/terramarecielo","https:\/\/www.instagram.com\/terramarecielo.it\/"]}]}},"campaignId":"","_links":{"self":[{"href":"https:\/\/terramarecielo.it\/associazione\/wp-json\/wp\/v2\/pages\/10542","targetHints":{"allow":["GET"]}}],"collection":[{"href":"https:\/\/terramarecielo.it\/associazione\/wp-json\/wp\/v2\/pages"}],"about":[{"href":"https:\/\/terramarecielo.it\/associazione\/wp-json\/wp\/v2\/types\/page"}],"author":[{"embeddable":true,"href":"https:\/\/terramarecielo.it\/associazione\/wp-json\/wp\/v2\/users\/1"}],"replies":[{"embeddable":true,"href":"https:\/\/terramarecielo.it\/associazione\/wp-json\/wp\/v2\/comments?post=10542"}],"version-history":[{"count":39,"href":"https:\/\/terramarecielo.it\/associazione\/wp-json\/wp\/v2\/pages\/10542\/revisions"}],"predecessor-version":[{"id":10645,"href":"https:\/\/terramarecielo.it\/associazione\/wp-json\/wp\/v2\/pages\/10542\/revisions\/10645"}],"wp:attachment":[{"href":"https:\/\/terramarecielo.it\/associazione\/wp-json\/wp\/v2\/media?parent=10542"}],"curies":[{"name":"wp","href":"https:\/\/api.w.org\/{rel}","templated":true}]}}